{"id":34,"date":"2020-04-02T15:43:21","date_gmt":"2020-04-02T15:43:21","guid":{"rendered":"https:\/\/grundschule-fah.de\/?page_id=34"},"modified":"2026-01-11T14:01:02","modified_gmt":"2026-01-11T12:01:02","slug":"datenschutz","status":"publish","type":"page","link":"https:\/\/grundschule-fah.de\/?page_id=34","title":{"rendered":"Datenschutz"},"content":{"rendered":"<p>[et_pb_section fb_built=&#8220;1&#8243; fullwidth=&#8220;on&#8220; admin_label=&#8220;Header Section&#8220; _builder_version=&#8220;4.16&#8243; background_image=&#8220;https:\/\/grundschule-fah.de\/wp-content\/uploads\/2023\/07\/hdgdgh.jpg&#8220; parallax=&#8220;on&#8220; top_divider_style=&#8220;clouds2&#8243; top_divider_color=&#8220;rgba(255,255,255,0.3)&#8220; top_divider_height=&#8220;100%&#8220; bottom_divider_height=&#8220;30px&#8220; global_colors_info=&#8220;{}&#8220;][et_pb_fullwidth_header subhead=&#8220;Datenschutz&#8220; text_orientation=&#8220;center&#8220; _builder_version=&#8220;4.16&#8243; title_level=&#8220;h2&#8243; title_font=&#8220;Rubik|700||on|||||&#8220; title_text_color=&#8220;#ff7355&#8243; title_font_size=&#8220;16px&#8220; title_letter_spacing=&#8220;5px&#8220; title_line_height=&#8220;2em&#8220; content_font=&#8220;Rubik||||||||&#8220; content_font_size=&#8220;18px&#8220; content_line_height=&#8220;2em&#8220; subhead_font=&#8220;Rubik|700|||||||&#8220; subhead_text_color=&#8220;rgba(0,0,0,0.8)&#8220; subhead_font_size=&#8220;50px&#8220; subhead_line_height=&#8220;1.4em&#8220; background_color=&#8220;rgba(255,255,255,0)&#8220; use_background_color_gradient=&#8220;on&#8220; background_color_gradient_stops=&#8220;rgba(255,255,255,0.7) 0%|#ffffff 100%&#8220; background_color_gradient_start=&#8220;rgba(255,255,255,0.7)&#8220; background_color_gradient_end=&#8220;#ffffff&#8220; background_size=&#8220;contain&#8220; background_position=&#8220;bottom_center&#8220; custom_button_one=&#8220;on&#8220; button_one_text_size=&#8220;16px&#8220; button_one_text_color=&#8220;#ffffff&#8220; button_one_bg_color=&#8220;#ff7355&#8243; button_one_border_width=&#8220;15px&#8220; button_one_border_color=&#8220;rgba(210,159,104,0)&#8220; button_one_border_radius=&#8220;100px&#8220; button_one_letter_spacing=&#8220;0px&#8220; button_one_font=&#8220;Rubik|700|||||||&#8220; button_one_use_icon=&#8220;off&#8220; custom_button_two=&#8220;on&#8220; button_two_text_size=&#8220;16px&#8220; button_two_text_color=&#8220;#ffffff&#8220; button_two_bg_color=&#8220;rgba(0,0,0,0.6)&#8220; button_two_border_width=&#8220;15px&#8220; button_two_border_color=&#8220;rgba(210,159,104,0)&#8220; button_two_border_radius=&#8220;100px&#8220; button_two_letter_spacing=&#8220;0px&#8220; button_two_font=&#8220;Rubik|700|||||||&#8220; button_two_use_icon=&#8220;off&#8220; background_layout=&#8220;light&#8220; custom_margin=&#8220;|||&#8220; custom_padding=&#8220;4vw||4vw||false|&#8220; animation_style=&#8220;slide&#8220; animation_direction=&#8220;bottom&#8220; animation_intensity_slide=&#8220;1%&#8220; subhead_font_size_tablet=&#8220;&#8220; subhead_font_size_phone=&#8220;30px&#8220; subhead_font_size_last_edited=&#8220;on|phone&#8220; button_one_border_radius_hover=&#8220;100px&#8220; button_two_border_radius_hover=&#8220;100px&#8220; button_one_bg_color_hover=&#8220;#ff8a70&#8243; button_two_bg_color_hover=&#8220;#ff8a70&#8243; global_colors_info=&#8220;{}&#8220; button_one_text_size__hover_enabled=&#8220;off&#8220; button_two_text_size__hover_enabled=&#8220;off&#8220; button_one_text_color__hover_enabled=&#8220;off&#8220; button_two_text_color__hover_enabled=&#8220;off&#8220; button_one_border_width__hover_enabled=&#8220;off&#8220; button_two_border_width__hover_enabled=&#8220;off&#8220; button_one_border_color__hover_enabled=&#8220;off&#8220; button_two_border_color__hover_enabled=&#8220;off&#8220; button_one_border_radius__hover_enabled=&#8220;on&#8220; button_one_border_radius__hover=&#8220;100px&#8220; button_two_border_radius__hover_enabled=&#8220;on&#8220; button_two_border_radius__hover=&#8220;100px&#8220; button_one_letter_spacing__hover_enabled=&#8220;off&#8220; button_two_letter_spacing__hover_enabled=&#8220;off&#8220; button_one_bg_color__hover_enabled=&#8220;on&#8220; button_one_bg_color__hover=&#8220;#ff8a70&#8243; button_two_bg_color__hover_enabled=&#8220;on&#8220; button_two_bg_color__hover=&#8220;#ff8a70&#8243;][\/et_pb_fullwidth_header][\/et_pb_section][et_pb_section fb_built=&#8220;1&#8243; _builder_version=&#8220;4.21.0&#8243; _module_preset=&#8220;default&#8220; global_colors_info=&#8220;{}&#8220;][et_pb_row _builder_version=&#8220;4.21.0&#8243; _module_preset=&#8220;default&#8220; global_colors_info=&#8220;{}&#8220;][et_pb_column type=&#8220;4_4&#8243; _builder_version=&#8220;4.21.0&#8243; _module_preset=&#8220;default&#8220; global_colors_info=&#8220;{}&#8220;][et_pb_blurb use_icon=&#8220;on&#8220; _builder_version=&#8220;4.21.2&#8243; _module_preset=&#8220;default&#8220; global_colors_info=&#8220;{}&#8220;]<\/p>\n<p><strong>I. Name und Anschrift des Verantwortlichen<\/strong><br \/>Grundschule Friedrich-August-H\u00fctte<br \/>Margaretenstra\u00dfe 30<br \/>26954 Nordenham<br \/>Telefon: 04731 \/ 247307<br \/>Telefax: 04731 \/ 247312<br \/>E-Mail: info@grundschule-fah.de<br \/>Vertretungsberechtigt<br \/>Ortrud Erting, Schulleiterin<\/p>\n<p><strong>II. Kontaktdaten des Datenschutzbeauftragten<\/strong><br \/>Phyllis Krippner\u00a0<\/p>\n<p>Margaretenstr. 30<br \/>26954 Nordenham<br \/>Telefon: 04731 \/ 247307<br \/>Telefax: 04731 \/ 247312<br \/>E-Mail: <a href=\"mailto:phyllis.krippner@gs-fah.de\">phyllis.krippner@gs-fah.de<\/a>\u00a0<\/p>\n<p>&nbsp;<\/p>\n<p><strong>III. Bereitstellung der Website und Erstellung von Logfiles<\/strong><br \/>Bei jedem Aufruf unserer Internetseite erfasst der Provider der Seite automatisiert Daten und Informationen vom Computersystem des aufrufenden Rechners in sogenannte Server-Log-Dateien, die Ihr Browser automatisch an uns \u00fcbermittelt. Folgende Daten werden hierbei erhoben:<br \/>1. Datum und Uhrzeit des Zugriffes<br \/>2. Anonymisierte IP-Adresse des Nutzers<br \/>3. Die Betriebssystemversion des Nutzers<br \/>4. Die Browsertyp des Nutzers<br \/>5. Die vom Nutzer aufgerufene Seite<br \/>6. Referrer URL<br \/>Die Daten werden in den Logfiles unseres Systems gespeichert. Eine<br \/>Speicherung dieser Daten zusammen mit anderen personenbezogenen Daten des Nutzers findet nicht statt. Zweck der Datenspeicherung ist die technische Optimierung unserer Internetseite. Rechtsgrundlage f\u00fcr die vor\u00fcbergehende Speicherung der Daten ist Art. 6 Abs. 1 lit.f DSGVO. Die Daten werden lediglich statistisch ausgewertet und gespeichert.<\/p>\n<p><strong>IV. Verwendung von Cookies<\/strong><br \/>Wir verwenden keine Cookies.<\/p>\n<p><strong>V. Speicherung personenbezogener Daten bei Kontaktaufnahme<\/strong><br \/>Sofern Sie per E-Mail den Kontakt mit uns aufnehmen, werden die von Ihnen \u00fcbermittelten personenbezogenen Daten automatisch gespeichert. Diese<br \/>Daten werden f\u00fcr Zwecke der Bearbeitung Ihres Anliegens und der Kontaktaufnahme mit Ihnen gespeichert.<br \/>Die L\u00f6schung der Daten erfolgt, sobald deren Speicherung f\u00fcr die Bearbeitung<br \/>Ihres Anliegens nicht mehr erforderlich ist.<\/p>\n<p><strong>VI. Betroffenenrechte<\/strong><br \/>Sie k\u00f6nnen folgende Rechte geltend machen:<br \/>Auskunft\/ Akteneinsicht<br \/>Gem. Art. 15 DSGVO haben Sie das Recht, Auskunft bzw. Akteneinsicht \u00fcber die von uns verarbeiteten personenbezogenen Daten zu erhalten.<br \/>Berichtigung<br \/>Sind bei uns gespeicherte personenbezogene Daten unrichtig oder unvollst\u00e4ndig, haben Sie gem. Art. 16 DSGVO das Recht, diese berichtigen bzw.<br \/>vervollst\u00e4ndigen zu lassen.<br \/>L\u00f6schung<br \/>Art. 17 DSGVO normiert das Recht auf L\u00f6schung personenbezogener Daten.<br \/>Dieses Recht steht Ihnen insbesondere dann zu, wenn die Speicherung der personenbezogenen Daten zur Erf\u00fcllung unserer gesetzlichen Aufgaben nicht mehr erforderlich ist oder Sie Ihre Einwilligung zur Datenverarbeitung mit Wirkung f\u00fcr die Zukunft widerrufen haben.<br \/>Einschr\u00e4nkung der Verarbeitung<br \/>Gem. Art. 18 DSGVO k\u00f6nnen Sie die Einschr\u00e4nkung der personenbezogenen Daten verlangen, wenn<br \/>\u2022die Richtigkeit der Daten von Ihnen bestritten wird<br \/>\u2022 die Verarbeitung unrechtm\u00e4\u00dfig ist, Sie aber deren L\u00f6schung ablehnen<br \/>\u2022 wir die Daten nicht mehr ben\u00f6tigen, Sie jedoch diese zur<br \/>Geltendmachung, Aus\u00fcbung oder Verteidigung von Rechtsanspr\u00fcchen ben\u00f6tigen<br \/>\u2022 oder Sie gem\u00e4\u00df Art. 21 DSGVO Widerspruch gegen die Verarbeitung<br \/>eingelegt haben<br \/>Widerspruch<br \/>Sie k\u00f6nnen bei Gr\u00fcnden, die sich aus Ihrer besonderen Situation ergeben, ein Widerspruchsrecht geltend machen. Gem. Art. 21 DSGVO ist jedoch zu ber\u00fccksichtigten, ob schutzw\u00fcrdige Gr\u00fcnde f\u00fcr die Verarbeitung vorliegen oder die Verarbeitung der Geltendmachung, Aus\u00fcbung oder Verteidigung von Rechtsanspr\u00fcchen dient.<br \/>Daten\u00fcbertragbarkeit<br \/>Ist die Verarbeitung Ihrer Daten mit Hilfe eines automatisierten Verfahrens erfolgt, haben Sie gem. Art. 20 DSGVO das Recht, die Daten in einem g\u00e4ngigen und maschinenlesbaren Format zu erhalten und an eine andere Schule zu \u00fcbermitteln bzw. durch uns \u00fcbermitteln zu lassen.<br \/>Widerruf der Einwilligung<br \/>Sie haben gem. Art. 7 Absatz 3 DSGVO das Recht, uns erteilte Einwilligungen jederzeit mit Wirkung f\u00fcr die Zukunft zu widerrufen.<br \/>Beschwerde<br \/>Art. 77 DSGVO normiert ein Beschwerderecht bei der Aufsichtsbeh\u00f6rde. Die f\u00fcr uns zust\u00e4ndige Aufsichtsbeh\u00f6rde ist die Landesbeauftragte f\u00fcr den Datenschutz Niedersachsen, Prinzenstra\u00dfe 5, 30159 Hannover.<\/p>\n<p>E-Mail: <em>poststelle@lfd.niedersachsen.de<\/em><\/p>\n<p>[\/et_pb_blurb][\/et_pb_column][\/et_pb_row][\/et_pb_section]<\/p>\n","protected":false},"excerpt":{"rendered":"<p>I. Name und Anschrift des VerantwortlichenGrundschule Friedrich-August-H\u00fctteMargaretenstra\u00dfe 3026954 NordenhamTelefon: 04731 \/ 247307Telefax: 04731 \/ 247312E-Mail: info@grundschule-fah.deVertretungsberechtigtOrtrud Erting, Schulleiterin II. Kontaktdaten des DatenschutzbeauftragtenPhyllis Krippner\u00a0 Margaretenstr. 3026954 NordenhamTelefon: 04731 \/ 247307Telefax: 04731 \/ 247312E-Mail: phyllis.krippner@gs-fah.de\u00a0 &nbsp; III. Bereitstellung der Website und Erstellung von LogfilesBei jedem Aufruf unserer Internetseite erfasst der Provider der Seite automatisiert Daten und Informationen [&hellip;]<\/p>\n","protected":false},"author":1,"featured_media":0,"parent":0,"menu_order":0,"comment_status":"closed","ping_status":"closed","template":"","meta":{"_et_pb_use_builder":"on","_et_pb_old_content":"<!-- wp:paragraph -->\n<p><strong>I. Name und Anschrift des Verantwortlichen<\/strong><\/p>\n<!-- \/wp:paragraph -->\n\n<!-- wp:paragraph -->\n<p>Grundschule Friedrich-August-H\u00fctte<br>Margaretenstra\u00dfe 30<br>26954 Nordenham<br>Telefon: 04731 \/ 247307<br>Telefax: 04731 \/ 247312<br>E-Mail: info@grundschule-fah.de<\/p>\n<!-- \/wp:paragraph -->\n\n<!-- wp:paragraph -->\n<p><strong>Vertretungsberechtigt<\/strong><\/p>\n<!-- \/wp:paragraph -->\n\n<!-- wp:paragraph -->\n<p>Ortrud Erting, kommissarische Schulleiterin<\/p>\n<!-- \/wp:paragraph -->\n\n<!-- wp:paragraph -->\n<p><strong>II. Kontaktdaten des Datenschutzbeauftragten<\/strong><\/p>\n<!-- \/wp:paragraph -->\n\n<!-- wp:paragraph -->\n<p>Lena Geerken<br>Margaretenstr. 30<br>26954 Nordenham<\/p>\n<!-- \/wp:paragraph -->\n\n<!-- wp:paragraph -->\n<p>Telefon: 04731 \/ 247307<br>Telefax: 04731 \/ 247312<br>E-Mail: lena.geerken@grundschule-fah.schulserver.de<\/p>\n<!-- \/wp:paragraph -->\n\n<!-- wp:paragraph -->\n<p><strong>III. Bereitstellung der Website und Erstellung von Logfiles<\/strong><\/p>\n<!-- \/wp:paragraph -->\n\n<!-- wp:paragraph -->\n<p>Bei jedem Aufruf unserer Internetseite erfasst der Provider der Seite automatisiert Daten und Informationen vom Computersystem des aufrufenden Rechners in sogenannte Server-Log-Dateien, die Ihr Browser automatisch an uns \u00fcbermittelt. Folgende Daten werden hierbei erhoben:&nbsp;<\/p>\n<!-- \/wp:paragraph -->\n\n<!-- wp:list {\"ordered\":true,\"type\":\"1\"} -->\n<ol type=\"1\"><!-- wp:list-item -->\n<li>Datum und Uhrzeit des Zugriffes<\/li>\n<!-- \/wp:list-item -->\n\n<!-- wp:list-item -->\n<li>Anonymisierte IP-Adresse des Nutzers<\/li>\n<!-- \/wp:list-item -->\n\n<!-- wp:list-item -->\n<li>Die Betriebssystemversion des Nutzers<\/li>\n<!-- \/wp:list-item -->\n\n<!-- wp:list-item -->\n<li>Die Browsertyp des Nutzers<\/li>\n<!-- \/wp:list-item -->\n\n<!-- wp:list-item -->\n<li>Die vom Nutzer aufgerufene Seite<\/li>\n<!-- \/wp:list-item -->\n\n<!-- wp:list-item -->\n<li>Referrer URL<\/li>\n<!-- \/wp:list-item --><\/ol>\n<!-- \/wp:list -->\n\n<!-- wp:paragraph -->\n<p>Die Daten werden in den Logfiles unseres Systems gespeichert. Eine Speicherung dieser Daten zusammen mit anderen personenbezogenen Daten des Nutzers findet nicht statt. Zweck der Datenspeicherung ist die technische Optimierung unserer Internetseite. Rechtsgrundlage f\u00fcr die vor\u00fcbergehende Speicherung der Daten ist Art. 6 Abs.1 lit.f DSGVO. Die Daten werden lediglich statistisch ausgewertet und gespeichtert.&nbsp;<\/p>\n<!-- \/wp:paragraph -->\n\n<!-- wp:paragraph -->\n<p><strong>IV. Verwendung von Cookies<\/strong><\/p>\n<!-- \/wp:paragraph -->\n\n<!-- wp:paragraph -->\n<p>Wir verwenden keine Cookies.<\/p>\n<!-- \/wp:paragraph -->\n\n<!-- wp:paragraph -->\n<p><strong>V. Speicherung personenbezogener Daten bei Kontaktaufnahme<\/strong><\/p>\n<!-- \/wp:paragraph -->\n\n<!-- wp:paragraph -->\n<p>Sofern Sie per E-Mail den Kontakt mit uns aufnehmen, werden die von Ihnen \u00fcbermittelten personenbezogenen Daten automatisch gespeichert. Diese Daten werden f\u00fcr Zwecke der Bearbeitung Ihres Anliegens und der Kontaktaufnahme mit Ihnen gespeichert.<\/p>\n<!-- \/wp:paragraph -->\n\n<!-- wp:paragraph -->\n<p>Die L\u00f6schung der Daten erfolgt, sobald deren Speicherung f\u00fcr die Bearbeitung Ihres Anliegens nicht mehr erforderlich ist.<\/p>\n<!-- \/wp:paragraph -->\n\n<!-- wp:paragraph -->\n<p><strong>VI. Betroffenenrechte<\/strong><\/p>\n<!-- \/wp:paragraph -->\n\n<!-- wp:paragraph -->\n<p>Sie k\u00f6nnen folgende Rechte geltend machen:<\/p>\n<!-- \/wp:paragraph -->\n\n<!-- wp:paragraph -->\n<p>Auskunft\/ Akteneinsicht<\/p>\n<!-- \/wp:paragraph -->\n\n<!-- wp:paragraph -->\n<p>Gem. Art. 15 DSGVO haben Sie das Recht, Auskunft bzw. Akteneinsicht \u00fcber die von uns verarbeiteten personenbezogenen Daten zu erhalten.<\/p>\n<!-- \/wp:paragraph -->\n\n<!-- wp:paragraph -->\n<p>Berichtigung<\/p>\n<!-- \/wp:paragraph -->\n\n<!-- wp:paragraph -->\n<p>Sind bei uns gespeicherte personenbezogene Daten unrichtig oder unvollst\u00e4ndig, haben Sie gem. Art. 16 DSGVO das Recht, diese berichtigen bzw. vervollst\u00e4ndigen zu lassen.<\/p>\n<!-- \/wp:paragraph -->\n\n<!-- wp:paragraph -->\n<p>L\u00f6schung<\/p>\n<!-- \/wp:paragraph -->\n\n<!-- wp:paragraph -->\n<p>Art. 17 DSGVO normiert das Recht auf L\u00f6schung personenbezogener Daten. Dieses Recht steht Ihnen insbesondere dann zu, wenn die Speicherung der personenbezogenen Daten zur Erf\u00fcllung unserer gesetzlichen Aufgaben nicht mehr erforderlich ist oder Sie Ihre Einwilligung zur Datenverarbeitung mit Wirkung f\u00fcr die Zukunft widerrufen haben.<\/p>\n<!-- \/wp:paragraph -->\n\n<!-- wp:paragraph -->\n<p>Einschr\u00e4nkung der Verarbeitung<\/p>\n<!-- \/wp:paragraph -->\n\n<!-- wp:paragraph -->\n<p>Gem. Art. 18 DSGVO k\u00f6nnen Sie die Einschr\u00e4nkung der personenbezogenen Daten verlangen, wenn<\/p>\n<!-- \/wp:paragraph -->\n\n<!-- wp:list -->\n<ul><!-- wp:list-item -->\n<li>die Richtigkeit der Daten von Ihnen bestritten wird<\/li>\n<!-- \/wp:list-item -->\n\n<!-- wp:list-item -->\n<li>die Verarbeitung unrechtm\u00e4\u00dfig ist, Sie aber deren L\u00f6schung ablehnen<\/li>\n<!-- \/wp:list-item -->\n\n<!-- wp:list-item -->\n<li>wir die Daten nicht mehr ben\u00f6tigen, Sie jedoch diese zur Geltendmachung, Aus\u00fcbung oder Verteidigung von Rechtsanspr\u00fcchen ben\u00f6tigen<\/li>\n<!-- \/wp:list-item -->\n\n<!-- wp:list-item -->\n<li>oder Sie gem\u00e4\u00df Art. 21 DSGVO Widerspruch gegen die Verarbeitung eingelegt haben<\/li>\n<!-- \/wp:list-item --><\/ul>\n<!-- \/wp:list -->\n\n<!-- wp:paragraph -->\n<p>Widerspruch<\/p>\n<!-- \/wp:paragraph -->\n\n<!-- wp:paragraph -->\n<p>Sie k\u00f6nnen bei Gr\u00fcnden, die sich aus Ihrer besonderen Situation ergeben, ein Widerspruchsrecht geltend machen. Gem. Art. 21 DSGVO ist jedoch zu ber\u00fccksichtigten, ob schutzw\u00fcrdige Gr\u00fcnde f\u00fcr die Verarbeitung vorliegen oder die Verarbeitung der Geltendmachung, Aus\u00fcbung oder Verteidigung von Rechtsanspr\u00fcchen dient.<\/p>\n<!-- \/wp:paragraph -->\n\n<!-- wp:paragraph -->\n<p>Daten\u00fcbertragbarkeit<\/p>\n<!-- \/wp:paragraph -->\n\n<!-- wp:paragraph -->\n<p>Ist die Verarbeitung Ihrer Daten mit Hilfe eines automatisierten Verfahrens erfolgt, haben Sie gem. Art. 20 DSGVO das Recht, die Daten in einem g\u00e4ngigen und maschinenlesbaren Format zu erhalten und an eine andere Schule zu \u00fcbermitteln bzw. durch uns \u00fcbermitteln zu lassen.<\/p>\n<!-- \/wp:paragraph -->\n\n<!-- wp:paragraph -->\n<p>Widerruf der Einwilligung<\/p>\n<!-- \/wp:paragraph -->\n\n<!-- wp:paragraph -->\n<p>Sie haben gem. Art. 7 Absatz 3 DSGVO das Recht, uns erteilte Einwilligungen jederzeit mit Wirkung f\u00fcr die Zukunft zu widerrufen.<\/p>\n<!-- \/wp:paragraph -->\n\n<!-- wp:paragraph -->\n<p>Beschwerde<\/p>\n<!-- \/wp:paragraph -->\n\n<!-- wp:paragraph -->\n<p>Art. 77 DSGVO normiert ein Beschwerderecht bei der Aufsichtsbeh\u00f6rde. Die f\u00fcr uns zust\u00e4ndige Aufsichtsbeh\u00f6rde ist die Landesbeauftragte f\u00fcr den Datenschutz Niedersachsen, Prinzenstra\u00dfe 5, 30159 Hannover. E-Mail: poststelle@lfd.niedersachsen.de<\/p>\n<!-- \/wp:paragraph -->","_et_gb_content_width":"","footnotes":""},"class_list":["post-34","page","type-page","status-publish","hentry"],"_links":{"self":[{"href":"https:\/\/grundschule-fah.de\/index.php?rest_route=\/wp\/v2\/pages\/34","targetHints":{"allow":["GET"]}}],"collection":[{"href":"https:\/\/grundschule-fah.de\/index.php?rest_route=\/wp\/v2\/pages"}],"about":[{"href":"https:\/\/grundschule-fah.de\/index.php?rest_route=\/wp\/v2\/types\/page"}],"author":[{"embeddable":true,"href":"https:\/\/grundschule-fah.de\/index.php?rest_route=\/wp\/v2\/users\/1"}],"replies":[{"embeddable":true,"href":"https:\/\/grundschule-fah.de\/index.php?rest_route=%2Fwp%2Fv2%2Fcomments&post=34"}],"version-history":[{"count":13,"href":"https:\/\/grundschule-fah.de\/index.php?rest_route=\/wp\/v2\/pages\/34\/revisions"}],"predecessor-version":[{"id":2123,"href":"https:\/\/grundschule-fah.de\/index.php?rest_route=\/wp\/v2\/pages\/34\/revisions\/2123"}],"wp:attachment":[{"href":"https:\/\/grundschule-fah.de\/index.php?rest_route=%2Fwp%2Fv2%2Fmedia&parent=34"}],"curies":[{"name":"wp","href":"https:\/\/api.w.org\/{rel}","templated":true}]}}